{"id":8522,"date":"2022-12-19T20:06:28","date_gmt":"2022-12-19T20:06:28","guid":{"rendered":"https:\/\/citcem.org\/eventos\/congress-narratives-and-poetics-of-the-self-spiritualities-projection-of-the-inner-world-and-boundaries-of-intimacy-in-hispanic-studies\/"},"modified":"2022-12-19T20:06:28","modified_gmt":"2022-12-19T20:06:28","slug":"congress-narratives-and-poetics-of-the-self-spiritualities-projection-of-the-inner-world-and-boundaries-of-intimacy-in-hispanic-studies","status":"publish","type":"eventos","link":"https:\/\/citcem.org\/en\/events\/congress-narratives-and-poetics-of-the-self-spiritualities-projection-of-the-inner-world-and-boundaries-of-intimacy-in-hispanic-studies\/","title":{"rendered":"Congress Narratives and poetics of the self: spiritualities, projection of the inner world and boundaries of intimacy in Hispanic studies"},"content":{"rendered":"<div class=\"news-text\">\n<p>CALL FOR PROPOSALS<\/p>\n<p>Las escrituras del yo, concepto surgido y desarrollado inicialmente en el \u00e1mbito de la teor\u00eda literaria francesa contempor\u00e1nea (Genette, Doubrovsky, Ricoeur, Gusdorf, Lejeune, Colonna), tardaron en despuntar en el contexto hisp\u00e1nico, como advierte Molloy (1996). Frente al extendido prejuicio de que las culturas latinas, y especialmente la hisp\u00e1nica, han sido tradicionalmente poco permeables a los relatos de la subjetividad, Molloy defiende que la falta de inter\u00e9s radicaba no en la escasez de relatos de vida en primera persona, sino m\u00e1s bien en la actitud con que estos hab\u00edan sido recibidos y catalogados.<\/p>\n<p>Today, however, the panorama is radically different: the corpus of author-referential texts created and studied, both in Spain and in Hispanoamerica, has been growing and becoming visible, as criticism has been consolidated around these previously peripheral writings (Alberca, Amago, Casas). En ese sentido, Pozuelo Yvancos (2014) highlights &#8220;la enorme importancia que en la cultura presente espa\u00f1ola tiene el memorialismo, las vidas contadas, los testimonios del yo&#8221;.<br \/>\nUnder the common denomination of &#8220;writing of the self&#8221; different textual genres are encompassed: besides poetry and the classical biographical novels, we speak of testimonial novels, novels in key, chronicles, autobiographies, autofictions, metafictions, memoirs, intimate diaries, correspondence, etc.<\/p>\n<p>This diversity demands critical approaches and approaches that must necessarily go beyond the classic distinction between &#8220;reality&#8221; and &#8220;fiction&#8221;. Hence, the interest in re-examining the wide variety of literary textual genres included in this field, their ramifications, similarities, differences, as well as their intersectional relations &#8211; by their border condition or by their hybridism &#8211; with disciplines such as film, history, philosophy, translation, journalism, and with newer means of communication, such as social networks, has recently arisen in academia.<\/p>\n<p>On the other hand, the expression of subjectivity in narratives and poetics of the self allows multiple critical approaches, since the subject is a multidimensional reality that is difficult to encapsulate and classify univocally. In this sense, in recent years there has been a proliferation of theoretical discussions, conferences and publications focused on the body of the subject and its forms of expression. No obstante, atendiendo al actual contexto pand\u00e9mico, que ha socavado la realidad tal y como la conoc\u00edamos, provocando crisis en diversos \u00e1mbitos, incluido el personal, en el XI Congreso de BETA, pretendemos abordar la escritura subjetiva o autorreferencial en relaci\u00f3n con la indagaci\u00f3n acerca de la transcendencia y la espiritualidad del sujeto, la proyecci\u00f3n de su mundo interior y la b\u00fasqueda del sentido de la existencia.<\/p>\n<p>Por consiguiente, partiendo de estas reflexiones, invitamos a los miembros de BETA (investigadores\/as cuyo doctorado se haya obtenido a partir de 2011) a presentar trabajos que encajen en alguna de las siguientes l\u00edneas tem\u00e1ticas:<\/p>\n<p>The concepts of &#8220;truth&#8221; and &#8220;fiction&#8221; and their literary intersections: autobiographies, autofictions, metafictions, roman \u00e0 clef, testimonies, intimate diaries, memoirs, correspondence.<\/p>\n<p>Las escrituras del yo en la literatura hisp\u00e1nica y su recepci\u00f3n cr\u00edtica: coincidencias y divergencias con otras tradiciones literarias.<br \/>\nThe search for meaning and forms of expression of spirituality in literary discourse.<\/p>\n<p>El yo frente a la adversidad en tiempos de crisis: adaptaci\u00f3n, memoria, trauma y olvido consciente.<\/p>\n<p>Intimidad vs. medi\u00e1tica exposici\u00f3n: confluencias entre literatura, psicolog\u00eda, cine, fotograf\u00eda, medios de comunicaci\u00f3n y redes sociales.<\/p>\n<p>La construcci\u00f3n ling\u00fc\u00edstica de los discursos literarios autorreferenciales.<\/p>\n<p>Literary subjectivity and translation: state of the question and future prospects.<\/p>\n<p>La cuesti\u00f3n de la identidad en la literatura y otras manifestaciones culturales que persiguen la trascendencia.<\/p>\n<p>CONFIRMED PLENARISTS<\/p>\n<p>\u00c1ngel Esteban del Campo (Universidad de Granada)<\/p>\n<p>\u00c2ngela Fernandes (University of Lisbon)<\/p>\n<p>Antonio S\u00e1ez Delgado (University of \u00c9vora)<\/p>\n<p>Diego Santos S\u00e1nchez (Universidad Complutense de Madrid)<\/p>\n<p>Mar\u00eda Jos\u00e9 Bru\u00f1a Bragado (Universidad de Salamanca)<\/p>\n<p>CONGRESS FORMAT<br \/>\nVirtual (through the Zoom platform).<\/p>\n<p>SENDING OF PROPOSALS<br \/>\nPueden enviar propuestas de comunicaci\u00f3n para este Congreso los miembros de BETA (profesores\/as y investigadores\/as cuyo doctorado se haya obtenido a partir del a\u00f1o 2011). Those who wish to become members in order to participate should follow the indications found on the website of the BETA Association, specifically on the following link: <a href=\"http:\/\/asociacionbeta.com\/betate\/\">http:\/\/asociacionbeta.com\/betate\/<\/a>.<\/p>\n<p>The communication proposals (20 minutes and in Spanish):<br \/>\nThey should have a maximum of 300 words and a minimum of 250.<br \/>\nThey must include a brief rationale, the research objectives, the methodology and, in addition, the indication of the thematic line in which they fall.<br \/>\nThey must also contain five key words.<br \/>\nTienen que ir acompa\u00f1adas del nombre del autor\/a, su filiaci\u00f3n acad\u00e9mica, correo electr\u00f3nico, la fecha de obtenci\u00f3n del grado de doctor\/a y de una sint\u00e9tica nota curricular (150 palabras como m\u00e1ximo).<br \/>\nThey must be sent to the electronic address of the Congress: congresobeta2021@letras.up.pt.<\/p>\n<p>The deadline for submitting proposals is September 5, 2021, and notification of acceptance will be by e-mail as of October 5, 2021. The provisional program and all information regarding the Congress will be updated on the BETA website: www.asociacionbeta.com, under the tab &#8220;Congresses&#8221;.<\/p>\n<p>PARTICIPATION AND ATTENDANCE QUOTAS<br \/>\nIn order to participate in the Congress, it will be necessary to pay the BETA membership fee before October 31, 2021. Once the acceptance of the proposals is communicated, the Organizing Committee and the Board of Directors of BETA will provide all the necessary information to formalize the payment. The quotas will be those indicated below:<br \/>\n&#8211; BETA members (annual membership + conference): 60 euros<br \/>\n&#8211; Former BETA members (without communication): 35 euros<br \/>\n&#8211; Non-attending attendees (with certificate): 20 \u20ac.<\/p>\n<p>ORGANIZING COMMITTEE<br \/>\n(Faculty of Arts, University of Porto)<br \/>\nMirta Fern\u00e1ndez dos Santos and Pilar Nicol\u00e1s Mart\u00ednez (coordinators)<br \/>\n\u2713 Andrea Rodr\u00edguez Iglesias<br \/>\n\u2713 Fernando Ruiz P\u00e9rez<br \/>\nJulio M. S\u00e1nchez Tello<br \/>\nMarta Pazos Anido<br \/>\nMonica Barros Lorenzo<\/p>\n<p>SCIENTIFIC COMMITTEE<br \/>\nAnt\u00f3nio Apolin\u00e1rio Louren\u00e7o (University of Coimbra)<br \/>\nCarina Blixen (Dep. de Investigaciones de la Biblioteca Nacional de Uruguay)<br \/>\nClaudio Castro Filho (University of Coimbra)<br \/>\n\u2713 Gabriel Augusto Coelho Magalh\u00e3es (University of Beira Interior)<br \/>\nIsabel Ara\u00fajo Branco (New University of Lisbon)<br \/>\nIzara Batres (Universidad Nebrija)<br \/>\nMirta Fern\u00e1ndez dos Santos (University of Porto)<br \/>\nPilar Nicol\u00e1s Mart\u00ednez (University of Porto)<br \/>\nSabrina S. Laroussi (Virginia Military Institute)<br \/>\nSantiago P\u00e9rez Isasi (University of Lisbon)<br \/>\nSantiago Sevilla Vallejo (Universidad de Salamanca)<br \/>\nValeria Cavazzino (Universit\u00e0 degli Studi di Napoli L&#8217;Orientale)<br \/>\nXaqu\u00edn N\u00fa\u00f1ez Sabar\u00eds (University of Minho)<\/p>\n<p>BETA DIRECTIVE BOARD<br \/>\nYasmina Romero-Morales (president)<br \/>\nGiulia Tosolini<br \/>\nGiuliana Calabrese<br \/>\nLuca Cerullo<br \/>\nMirta Fern\u00e1ndez dos Santos<br \/>\nRosario Hall<br \/>\nSabrina S. Laroussi<br \/>\nZaida Vila Carneiro<\/p>\n<p>For any questions or clarifications, you can contact the Congress coordinator through the e-mail congresobeta2021@letras.up.pt.<br \/>\nContact Person: Mirta Fern\u00e1ndez dos Santos<\/p>\n<p>USEFUL BIBLIOGRAPHICAL REFERENCES<br \/>\nAlberca, M. (2005<br \/>\nAlberca, M. (2005&#8211;2006). Does Spanish-American fiction exist? 2006). Does Spanish-American fiction exist? Cuadernos del CILHACuadernos del CILHA, 7, 7\/8\/8. . Disponible en Disponible en https:\/\/core.ac.uk\/download\/pdf\/61882414.pdfhttps:\/\/core.ac.uk\/download\/pdf\/61882414.pdf. .<br \/>\n&#8212;-<br \/>\n&#8212;- (2007). (2007). El pacto ambiguo. De la novela autobiogr\u00e1fica a la autoEl pacto ambiguo. De la novela autobiogr\u00e1fica a la autoficci\u00f3nficci\u00f3n. . Madrid: Madrid: Biblioteca Nueva.Biblioteca Nueva.<br \/>\nAmago,<br \/>\nAmago, SS. (2006). . (2006). True True LLies: ies: NNarrative Self&#8211;consciousness in the Contemporary Spanish NovelNovel. . Lewisburg, PA: Bucknell UP.Lewisburg, PA: Bucknell UP.<br \/>\nAllegra, G. (1985)<br \/>\nAllegra, G. (1985). El reino interiorEl reino interior. Madrid: Encuen. Madrid: Encuentro.tro.<br \/>\nAug\u00e9, M. (1998).<br \/>\nAug\u00e9, M. (1998). Las formas del olvidoolvido. Barcelona: Gedisa. Barcelona: Gedisa.<br \/>\nCandau,<br \/>\nCandau, JJ, (2002). (2002). Antropolog\u00eda de la memoriaAntropolog\u00eda de la memoria. Buenos Aires: Nueva Visi\u00f3n. Buenos Aires: Nueva Visi\u00f3n.<br \/>\nHouses,<br \/>\nCasas, A. (2012). A. (2012). La autoficci\u00f3n: reflexiones te\u00f3ricasLa autoficci\u00f3n: reflexiones te\u00f3ricas. Madrid: Arco Libros. Madrid: Arco Libros.<br \/>\n&#8212;-<br \/>\n&#8212;- (2017). (2017). El autor a escena. Intermedialidad y autoficci\u00f3nEl autor a escena. Intermedialidad y autoficci\u00f3n. Madrid. Madrid&#8211;Frankfurt: Frankfurt: Iberoamericana.Iberoamericana.<br \/>\nChampo<br \/>\nChampourc\u00edn, E. de (1972).urc\u00edn, E. de (1972). Dios en la poes\u00eda actualDios en la poes\u00eda actual. Madrid: BAC.Madrid: BAC.<br \/>\nColonna, V<br \/>\nColonna, V.. (2004). (2004). Autofiction et autres mythomanies litt\u00e9rairesAutofiction et autres mythomanies litt\u00e9raires. . Auch: Tristam.Auch: Tristam.<br \/>\nDiaconu, D<br \/>\nDiaconu, D.. (2017). (2017). Caminos a lCaminos a la autoficci\u00f3na autoficci\u00f3n. M\u00e9xico: Bonilla Artiga Editores&#8230; M\u00e9xico: Bonilla Artiga Editores.<br \/>\nDoubrovsky, S. (2001).<br \/>\nDoubrovsky, S. (2001). FilsFils. Paris: Gallimard. Paris: Gallimard.<br \/>\nFern\u00e1ndez<br \/>\nFern\u00e1ndez, C. &amp; Hermosilla, M. A. (eds.). (2004). C. &amp; Hermosilla, M. A. (eds.). (2004). Autobiograf\u00eda en Espa\u00f1a: un balanceAutobiograf\u00eda en Espa\u00f1a: un balance. . Madrid: Madrid: Visor Libros.Visor Libros.<br \/>\nForest,<br \/>\nForest, PPh.h. (2001). (2001). Le roman, le jeLe roman, le je. Nantes: Plein Feux&#8230; Nantes: Plein Feux.<br \/>\nGasparini, Ph<br \/>\nGasparini, Ph. ((2004). 2004). EstEst&#8211;il je?il je? Paris: Editions du Seuil.<br \/>\nGenette, G. (1981)<br \/>\nGenette, G. (1981). . Fronteras del relato. En Barthes et al (eds.), Fronteras del relato. En Barthes et al (eds.), An\u00e1lisis estructural del relatoAn\u00e1lisis estructural del relato. . M\u00e9xico D.F.: Premia, pp. 133&#8211;150.150.<br \/>\nGiordano, A. (2006). Digresiones sobre los diarios de escritores (Charles du B<br \/>\nGiordano, A. (2006). Digresiones sobre los diarios de escritores (Charles du Bos, entre Alejandra os, entre Alejandra Pizarnik y Julio Ram\u00f3n Ribeyro). Pizarnik y Julio Ram\u00f3n Ribeyro). El hilo de la F\u00e1bulaEl hilo de la F\u00e1bula, , 66. Santa Fe (Argentina): Universidad . Santa Fe (Argentina): Universidad Nacional del Litoral. Available in Nacional del Litoral. Available at https:\/\/bibliotecavirtual.unl.edu.ar\/publicaciones\/index.php\/HilodelaFabula\/article\/view\/1807https:\/\/bibliotecavirtual.unl.edu.ar\/publicaciones\/index.php\/HilodelaFabula\/article\/view\/1807. .<br \/>\nGusdorf, G. (1991).<br \/>\nGusdorf, G. (1991). Les \u00e9crituLes \u00e9critures du moi. res du moi. Paris: Odile Jacob.<br \/>\nLejeune, P. (1991).<br \/>\nLejeune, P. (1991). El pacto autobiogr\u00e1fico. In The autobiographical pact. In La Autobiograf\u00eda y sus problemas te\u00f3ricosLa Autobiograf\u00eda y sus problemas te\u00f3ricos, journal , Anthropos Anthropos journal (supplement no. 29). Barcelo(supplement no. 29). Barcelona, pp. 47na, pp. 47&#8211;53.53.<br \/>\nMolloy, S. (1996).<br \/>\nMolloy, S. (1996). ActActo de presencia, la escritura autobiogr\u00e1fica en Hispanoam\u00e9rica ActActo de presencia, la escritura autobiogr\u00e1fica en Hispanoam\u00e9rica. Mexico: . Mexico: Fondo de Cultura Econ\u00f3mica.<br \/>\nPozuelo Yvancos, J. M. (2006).<br \/>\nPozuelo Yvancos, J. M. (2006). De la autobiograf\u00eda: teor\u00eda y estilosDe la autobiograf\u00eda: teor\u00eda y estilos. Barcelona: Cr\u00edtica. Barcelona: Cr\u00edtica.<br \/>\nPozuelo Yvancos, J. M. (2017). La guerra civil en la novela es<br \/>\nPozuelo Yvancos, J. M. (2017). La guerra civil en la novela espa\u00f1ola del siglo XXI: panorama. En pa\u00f1ola del siglo XXI: panorama. En Novela espa\u00f1ola del siglo XXINovela espa\u00f1ola del siglo XXI. Madrid: C\u00e1tedra. Madrid: C\u00e1tedra.<br \/>\nPremat, J. (2009).<br \/>\nPremat, J. (2009). H\u00e9roes sin atributos: figuras de autor en H\u00e9roes sin atributos: figuras de autor en la literatura argentinaa literatura argentina. Buenos Aires: . Buenos Aires: Fondo de Cultura Econ\u00f3mica.<br \/>\nRama, A. (2001).<br \/>\nRama, A. (2001). Diario 1974Diario 1974&#8211;19831983. Edited and prologued by Rosario Peyrou. Mo. Edited and prologued by Rosario Peyrou. Montevideo: Trilce.ntevideo: Trilce.<br \/>\nRicoeur, P. (2003).<br \/>\nRicoeur, P. (2003). La memoria, la historia, el olvidoLa memoria, la historia, el olvido. Trotta: Madrid. Trotta: Madrid.<br \/>\nS\u00e1nchez<br \/>\nS\u00e1nchez&#8211;Gey, J. y Cabria J. L. (2002). Gey, J. y Cabria J. L. (2002). Dios en el pensamiento hispano del siglo XXDios en el pensamiento hispano del siglo XX, , Salamanca: Salamanca: S\u00edgueme.S\u00edgueme.<br \/>\nSteiner, G. (2016).<br \/>\nSteiner, G. (2016). Nostalgia del absolutoNostalgia del absoluto. Madrid: Siruela. Madrid: Siruela.<br \/>\nToro, A. de (2007). Goal<br \/>\nToro, A. de (2007). Target-autobiography\/autobiography across the board? postmodern or the impossibility of autobiography\/\u00bfautobiograf\u00eda transversal? postmodern or the impossibility of a story in the first person. of a story in the first person. Estudios P\u00fablicos, 107Estudios P\u00fablicos, 107. Available in . Available at https:\/\/biblat.unam.mx\/es\/revista\/estudioshttps:\/\/biblat.unam.mx\/es\/revista\/estudios&#8211;publicospublicos&#8211;santiago\/articulo\/metasantiago\/articulo\/meta&#8211;autobiografiaautobiografiaautobiografiaautobiografia&#8211;trtransversalansversal&#8211;postmodernapostmoderna&#8211;oo&#8211;lala&#8211;imposibilidadimposibilidad&#8211;dede&#8211;unauna&#8211;historiahistoria&#8211;enen&#8211;primeraprimera&#8211;personapersona. .<br \/>\nTrapiello, A. (1998).<br \/>\nTrapiello, A. (1998). El escritor de diarios: historia de un desplazamientoEl escritor de diarios: historia de un desplazamiento. Barcelona: Peninsula. Barcelona: Peninsula.<br \/>\nV<br \/>\nVaarela, M. A., Barn\u00e9s, A., Batres, I. Palenzuela, F. &amp; Sevilla, S. (eds.rela, M. A., Barn\u00e9s, A., Batres, I. Palenzuela, F. &amp; Sevilla, S. (eds.). (2019). . (2019). Authors in search of Authors in search of AuthorAuthor. Madrid: CEU . Madrid: CEU EEdiciones.diciones.<\/p>\n<\/div>\n<h4>Files<\/h4>\n<p><a href=\"https:\/\/citcem.org\/wp-content\/uploads\/2022\/12\/XI_Congreso_Internacional_BETA_primera_circular_DEF.pdf\" download=\"\">CALL FOR PAPERS<\/a><\/p>\n<p><a href=\"https:\/\/citcem.org\/wp-content\/uploads\/2022\/12\/Cartaz_2.png\" download=\"\">POSTER<\/a><\/p>\n<p><a href=\"https:\/\/citcem.org\/wp-content\/uploads\/2022\/12\/2021_XI_Congreso_BETA_Programa_versiyn_definitiva_con_enlaces.pdf\" download=\"\">PROGRAM<\/a><\/p>\n","protected":false},"featured_media":8492,"template":"","ano-evento":[269],"tipo-eventos":[274],"cmcal_calendar":[],"class_list":["post-8522","eventos","type-eventos","status-publish","has-post-thumbnail","hentry","ano-evento-2021-en-2","tipo-eventos-congress"],"_links":{"self":[{"href":"https:\/\/citcem.org\/en\/wp-json\/wp\/v2\/eventos\/8522","targetHints":{"allow":["GET"]}}],"collection":[{"href":"https:\/\/citcem.org\/en\/wp-json\/wp\/v2\/eventos"}],"about":[{"href":"https:\/\/citcem.org\/en\/wp-json\/wp\/v2\/types\/eventos"}],"version-history":[{"count":0,"href":"https:\/\/citcem.org\/en\/wp-json\/wp\/v2\/eventos\/8522\/revisions"}],"wp:featuredmedia":[{"embeddable":true,"href":"https:\/\/citcem.org\/en\/wp-json\/wp\/v2\/media\/8492"}],"wp:attachment":[{"href":"https:\/\/citcem.org\/en\/wp-json\/wp\/v2\/media?parent=8522"}],"wp:term":[{"taxonomy":"ano-evento","embeddable":true,"href":"https:\/\/citcem.org\/en\/wp-json\/wp\/v2\/ano-evento?post=8522"},{"taxonomy":"tipo-eventos","embeddable":true,"href":"https:\/\/citcem.org\/en\/wp-json\/wp\/v2\/tipo-eventos?post=8522"},{"taxonomy":"cmcal_calendar","embeddable":true,"href":"https:\/\/citcem.org\/en\/wp-json\/wp\/v2\/cmcal_calendar?post=8522"}],"curies":[{"name":"wp","href":"https:\/\/api.w.org\/{rel}","templated":true}]}}