{"id":21388,"date":"2025-06-16T13:34:42","date_gmt":"2025-06-16T13:34:42","guid":{"rendered":"https:\/\/citcem.org\/eventos\/ao-encontro-do-mundo-lusofono\/"},"modified":"2025-06-16T15:08:13","modified_gmt":"2025-06-16T15:08:13","slug":"ao-encontro-do-mundo-lusofono","status":"publish","type":"eventos","link":"https:\/\/citcem.org\/en\/events\/ao-encontro-do-mundo-lusofono\/","title":{"rendered":"Meeting the Lusophone World"},"content":{"rendered":"<h5>Encountering the Lusophone World: Transcultural and Intersectional Perspectives \/ Exploring the Lusophone World: Through Transcultural and Intersectional Perspectives<\/h5>\n<p>June 25-27 \/ June, 25-27, 2025<\/p>\n<p>Faculty of Letters of the University of Porto &#8211; Via Panor\u00e2mica, s\/n (Neighborhood Campo Alegre \/ Boavista), 4150-564 Porto<\/p>\n<p>Meeting Room 1 (<sup>2nd<\/sup> floor) &#8211; <a href=\"https:\/\/videoconf-colibri.zoom.us\/j\/5948351404\">https:\/\/videoconf-colibri.zoom.us\/j\/5948351404<\/a><\/p>\n<p>Meeting Room 2<sup>(2nd<\/sup> floor) &#8211; <a href=\"https:\/\/videoconf-colibri.zoom.us\/j\/92191492542\">https:\/\/videoconf-colibri.zoom.us\/j\/92191492542<\/a><\/p>\n<p>&nbsp;<\/p>\n<h4><strong>Wednesday June 25<\/strong><\/h4>\n<p>&nbsp;<\/p>\n<p><strong>9:30-11:00 <\/strong>&#8211; Reception and coffee \/ Registration &amp; Coffee<\/p>\n<p><strong>11:00-12:30<\/strong> &#8211; Session 1<\/p>\n<h6 style=\"padding-left: 40px;\"><em>Experiences of Motherhood of Enslaved Women in Africa and the Diaspora \/ <\/em><em>Experiences of Motherhood of Enslaved Women in Africa and the Diaspora<\/em><\/h6>\n<p style=\"padding-left: 80px;\">Meeting Room 1\u00a0<a href=\"https:\/\/videoconf-colibri.zoom.us\/j\/5948351404\">(https:\/\/videoconf-colibri.zoom.us\/j\/5948351404)<\/a><\/p>\n<p style=\"padding-left: 40px;\">President \/ Chair: Robert Kenedy<\/p>\n<ul>\n<li style=\"list-style-type: none;\">\n<ul>\n<li>Vanessa Oliveira &#8211; <em>Experiences of Enslaved Mothers in Luanda, 1840-1865 <\/em><\/li>\n<li>Suzanne Schwarz &#8211; <em>Family Structure and \u201cOthermothering\u201d in Freetown, Sierra Leone, c. 1787-1815<\/em><\/li>\n<li>Ana Paula Mendes &#8211; <em>Mothers in Darkness: Black Women in Abolitionist Narratives in Brazil and Mozambique<\/em><\/li>\n<li>Catherine Boyle &#8211; <em>The D\u0101r in a \u201cMotherful\u201d World: Stambeli and Enslaved Women&#8217;s Experiences of Motherhood in Early-Nineteenth-Century Ottoman Tunis<\/em> (Online)<\/li>\n<\/ul>\n<\/li>\n<\/ul>\n<p>&nbsp;<\/p>\n<h6 style=\"padding-left: 40px;\"><em>Arts &amp; Culture of Resistance in Late Colonial Portuguese-Speaking Africa: 50 Years of Independence \/ <\/em><em>Arts &amp; Culture of Resistance in Late Colonial Portuguese-Speaking Africa: 50 Years of Independence<\/em><\/h6>\n<p style=\"padding-left: 80px;\">Meeting Room 2\u00a0<a href=\"https:\/\/videoconf-colibri.zoom.us\/j\/92191492542\">(https:\/\/videoconf-colibri.zoom.us\/j\/92191492542)<\/a><\/p>\n<p style=\"padding-left: 40px;\">President \/ Chair: Susannah Ferreira<\/p>\n<ul>\n<li style=\"list-style-type: none;\">\n<ul>\n<li>Lurdes Macedo &amp; Nuno Bessa Moreira &#8211; <em>Jorge Barbosa&#8217;s contribution to recognizing the emergence of anti-colonial literature in Cape Verde: Jorge de Sena&#8217;s critical reception of \u201cAmbiente\u201d<\/em><\/li>\n<li>Francisco Topa &#8211; <em>\u201cPictura poema silens?\u201d <\/em><em>Bertina Lopes and Jos\u00e9 Craveirinha<\/em><\/li>\n<li>El\u00edsio Macamo &#8211; <em>Accepting Freedom: \u201cBad Faith\u201d and anti-colonial Resistance in the Portuguese-Speaking African Countries<\/em> (Online)<\/li>\n<\/ul>\n<\/li>\n<\/ul>\n<p>&nbsp;<\/p>\n<p><strong>12:30-13:30<\/strong> &#8211; Lunch<\/p>\n<p><strong>13:30 -15:00<\/strong> &#8211; Session 2<\/p>\n<h6 style=\"padding-left: 40px;\"><em>Europeans and Portuguese Africa, 1448-1682: Claims, Diplomacy, Persistence \/ <\/em><em>Europeans and Portuguese Africa, 1448-1682: Claims, Diplomacy, Persistence<\/em><\/h6>\n<p style=\"padding-left: 80px;\">Meeting Room 1\u00a0<a href=\"https:\/\/videoconf-colibri.zoom.us\/j\/5948351404\">(https:\/\/videoconf-colibri.zoom.us\/j\/5948351404)<\/a><\/p>\n<p style=\"padding-left: 40px;\">President \/ Chair: Fernando Nunes<\/p>\n<ul>\n<li style=\"list-style-type: none;\">\n<ul>\n<li>Ernst Pijning &#8211; <em>Before the Siege of Porto: Miguelist warnings from the Netherlands, 1828-1834<\/em><\/li>\n<li>Carlos Martins &amp; Susannah Ferreira &#8211; <em>Breaching the Treaty of Alca\u00e7ovas: Plans for an Anglo-Spanish fleet to Guinea 1481-82<\/em> (Online \/ in person)<\/li>\n<li>Ivana Elbl &#8211; <em>The Advice of Infante Dom Henrique on the Priorities of Afonso V of Portugal: When, Why, How?<\/em> (Online)<\/li>\n<li>Martin Elbl &#8211; <em>The March of Souls: Fragmentary Parish Registers of Portuguese and English Tangier (Morocco), c. 1582-1682<\/em> (Online)<\/li>\n<\/ul>\n<\/li>\n<\/ul>\n<p>&nbsp;<\/p>\n<h6 style=\"padding-left: 40px;\"><em>Culture and Politics in Angola: Colonialism and Independence \/ <\/em><em>Culture and Politics in Angola: Colonialism and Independence<\/em><\/h6>\n<p style=\"padding-left: 80px;\">Meeting Room 2\u00a0<a href=\"https:\/\/videoconf-colibri.zoom.us\/j\/92191492542\">(https:\/\/videoconf-colibri.zoom.us\/j\/92191492542)<\/a><\/p>\n<p style=\"padding-left: 40px;\">President \/ Chair: Vanessa Oliveira<\/p>\n<ul>\n<li style=\"list-style-type: none;\">\n<ul>\n<li>Andrelise Santorum &#8211; <em>Theatre in Angola and the colonization of artistic practice (1930-1950)<\/em><\/li>\n<li>Mar\u00e7al de Menezes Paredes &#8211; <em>Angola: the diplomacy of the Liberation Movements and the international scenario of independence (1974-1975)<\/em><\/li>\n<li>S\u00e9rgio Neto &#8211; <em>\u201cFourteen times the length&#8230;\u201d Some (post)colonial readings of Angola<\/em><\/li>\n<li>Francisco Soares &#8211; <em>The \u201cMemory\u201d of Ant\u00f3nio Francisco das Necessidades: digitization of sources, contexts, purposes<\/em><\/li>\n<\/ul>\n<\/li>\n<\/ul>\n<p>&nbsp;<\/p>\n<p><strong>15:00-15:15 <\/strong>&#8211; Coffee Break<\/p>\n<p><strong>15:15-16:45<\/strong> &#8211; Session 3<\/p>\n<h6 style=\"padding-left: 40px;\"><em>History: Slavery, Servitude, and Religion \/ <\/em><em>History: Slavery, Servitude, and Religion<\/em><\/h6>\n<p style=\"padding-left: 80px;\">Meeting Room 1\u00a0<a href=\"https:\/\/videoconf-colibri.zoom.us\/j\/5948351404\">(https:\/\/videoconf-colibri.zoom.us\/j\/5948351404)<\/a><\/p>\n<p style=\"padding-left: 40px;\">President \/ Chair: Ernst Pijning<\/p>\n<ul>\n<li style=\"list-style-type: none;\">\n<ul>\n<li>Mariana Muaze &#8211; <em>Portraying the Enslaved Wet Nurses: Slavery, Photography and Family in Brazil, <sup>19th<\/sup> Century<\/em><\/li>\n<li>Fernando Tavares Pimenta &#8211; <em>The Lusophone \u201carchipelago\u201d in 19th century India: the Luso-Indian Catholic communities of the Portuguese Padroado do Oriente and the action of Archbishop-Priest Aires de Ornelas e Vasconcelos (1874-1880)<\/em><\/li>\n<li>Tracy Lopes &#8211; <em>ServicaisRegisters.org: A Digital Database and the \u201cAngo-lan\u201d Servi\u00e7ais Shipped to S\u00e3o Tom\u00e9 and Pr\u00edncipe from 1876 to 1896<\/em> (Online)<\/li>\n<\/ul>\n<\/li>\n<\/ul>\n<p>&nbsp;<\/p>\n<h6 style=\"padding-left: 40px;\"><em>Brazil and Portugal: Popular Music and Historical Instruments in the Lusophone World \/ <\/em><em>Brazil and Portugal: Popular Music and Historical Instruments in the Lusophone World<\/em><\/h6>\n<p style=\"padding-left: 80px;\">Meeting Room 2\u00a0<a href=\"https:\/\/videoconf-colibri.zoom.us\/j\/92191492542\">(https:\/\/videoconf-colibri.zoom.us\/j\/92191492542)<\/a><\/p>\n<p style=\"padding-left: 40px;\">President \/ Chair: Robert Kenedy<\/p>\n<ul>\n<li style=\"list-style-type: none;\">\n<ul>\n<li>Felipe Bar\u00e3o &#8211;<em> Revisiting the historical repertoire for the viola: a perspective for the \u201ctoeira\u201d viola in the 21st century<\/em><\/li>\n<li>Samuel Andr\u00e9 Pompeo &#8211;<em> Choro hodierno: innovation of musical performances in research developed in Portugal<\/em><\/li>\n<li>Thomas Garcia &#8211;<em> \u201cFado\u201d: A Brazilian Musical Genre?<\/em><\/li>\n<\/ul>\n<\/li>\n<\/ul>\n<p>&nbsp;<\/p>\n<p><strong>16:45-17:00 <\/strong>&#8211; Coffee Break<\/p>\n<p><strong>17:00 <\/strong>&#8211; Welcome session \/ Welcoming Remarks<\/p>\n<p><strong>17:15 <\/strong>&#8211; Plenary lecture by \/ Keynote Address by Hugo Ribeiro da Silva<\/p>\n<h6 style=\"padding-left: 40px;\"><em>Going beyond Lusophony: Cultural Exchanges in the Atlantic during the Transatlantic Slave Trade Era<\/em><\/h6>\n<p>&nbsp;<\/p>\n<p><strong>18:15-19:30 <\/strong>&#8211; Reception at Bar do Tio (ground floor) with the Guitar Trio &#8211; Thomas George Caracas Garcia, Samuel Andr\u00e9 Pompeo, &amp; Felipe Bar\u00e3o<\/p>\n<h4><\/h4>\n<p>&nbsp;<\/p>\n<h5><strong>Thursday June 26<\/strong><\/h5>\n<p>&nbsp;<\/p>\n<p><strong>9:30-11:00 <\/strong>&#8211; Session 4<\/p>\n<h6 style=\"padding-left: 40px;\"><em>Literature, Representations, Migration, &amp; Diasporas \/ <\/em><em>Literature, Representations, Migration, &amp; Diasporas<\/em><\/h6>\n<p style=\"padding-left: 80px;\">Meeting Room 1\u00a0<a href=\"https:\/\/videoconf-colibri.zoom.us\/j\/5948351404\">(https:\/\/videoconf-colibri.zoom.us\/j\/5948351404)<\/a><\/p>\n<p style=\"padding-left: 40px;\">President \/ Chair: Francisco Topa<\/p>\n<ul>\n<li style=\"list-style-type: none;\">\n<ul>\n<li>Maria Jo\u00e3o Mariel Jorge &#8211; <em>Migration, Transnational Topics, and Cliches in Diasporic Representations of Portugeseness<\/em><\/li>\n<li>Irene Marques &#8211; <em>\u201cGod\u201d is in the Body: A Reading of Ad\u00e9lia Prado&#8217;s Poetry through Luce Irigaray&#8217;s Phenomenology of Presence<\/em><\/li>\n<li>Susete Albino &#8211; <em>Dystopian representations of post-independence in \u201cKikia Matcho\u201d by Filinto de Barros<\/em><\/li>\n<li>Michael Baptista &#8211; <em>Agustina Bessa-Lu\u00eds Through the Relatives of Josefa<\/em><\/li>\n<\/ul>\n<\/li>\n<\/ul>\n<p>&nbsp;<\/p>\n<h6 style=\"padding-left: 40px;\"><em>Aspects of Work in a Transitional Society: Angola in the 19th Century \/ <\/em><em>Aspects of Work in a Transitional Society: Angola in the<sup>19th<\/sup> Century<\/em><\/h6>\n<p style=\"padding-left: 80px;\">Meeting Room 2\u00a0<a href=\"https:\/\/videoconf-colibri.zoom.us\/j\/92191492542\">(https:\/\/videoconf-colibri.zoom.us\/j\/92191492542)<\/a><\/p>\n<p style=\"padding-left: 40px;\">President \/ Chair: Ernst Pijning<\/p>\n<ul>\n<li style=\"list-style-type: none;\">\n<ul>\n<li>Jos\u00e9 Curto &#8211; <em>Artisanal Occupations in Luanda, 1797-1832<\/em><\/li>\n<li>Ivan Sicca Gon\u00e7alves &#8211; <em>\u201cIn the bush I&#8217;m in my element\u201d: the sertanejos of Bi\u00e9 in the mercantile community of Benguela, s&#8230; XIX<\/em><\/li>\n<li>Faustino Kusoka &#8211; <em>A Black American Missionary in Early Colonial Angola: The Life and Work of Samuel Miller<\/em> (Online)<\/li>\n<li>Estevam Thompson &#8211; <em>Vassalage and Resistance in the Backlands of Benguela, 1780-1830<\/em> (Online)<\/li>\n<\/ul>\n<\/li>\n<\/ul>\n<p>&nbsp;<\/p>\n<p><strong>11:00-11:15 <\/strong>&#8211; Coffee Break<\/p>\n<p><strong>11:15-12:45<\/strong> &#8211; Session 5<\/p>\n<h6 style=\"padding-left: 40px;\"><em>Postcolonial Crossroads: Transatlantic Perspectives on the Embodiment of Bantu Cosmologies in the Lusophone World \/ <\/em><em>Postcolonial Crossroads: Transatlantic Perspectives on the Embodiment <\/em><em>of Bantu Cosmologies in the Lusophone World<\/em><\/h6>\n<p style=\"padding-left: 80px;\">Meeting Room 1\u00a0<a href=\"https:\/\/videoconf-colibri.zoom.us\/j\/5948351404\">(https:\/\/videoconf-colibri.zoom.us\/j\/5948351404)<\/a><\/p>\n<p style=\"padding-left: 40px;\">President \/ Chair: Fernando Nunes<\/p>\n<ul>\n<li style=\"list-style-type: none;\">\n<ul>\n<li>Andrew Apter <em>&#8211; Embodied Matriliny in Brazilian Capoeira? The \u201cBantu\u201d Hypothesis<\/em><\/li>\n<li>Mika Lior &#8211; <em>Crossroads Body and Bodies at the Crossroads: Choreographies of Candombl\u00e9 d&#8217;Angola in Brazil<\/em> (Online)<\/li>\n<li>Juliana Santos de Lima &#8211; <em>The motherhood of free Africans: stories of freedom and resistance<\/em> (Online)<\/li>\n<\/ul>\n<\/li>\n<\/ul>\n<p>&nbsp;<\/p>\n<h6 style=\"padding-left: 40px;\"><em>Race, Diaspora, &amp; Family Mobility \/ <\/em><em>Race, Diaspora, &amp; Family Mobility<\/em><\/h6>\n<p style=\"padding-left: 80px;\">Meeting Room 2\u00a0<a href=\"https:\/\/videoconf-colibri.zoom.us\/j\/92191492542\">(https:\/\/videoconf-colibri.zoom.us\/j\/92191492542)<\/a><\/p>\n<p style=\"padding-left: 40px;\">President \/ Chair: Susannah Ferreira<\/p>\n<ul>\n<li style=\"list-style-type: none;\">\n<ul>\n<li>Milene dos Anjos &#8211; <em>Microdata on individual and family mobility: the case of the population of the municipality of Fafe, 1834-1920<\/em><\/li>\n<li>M\u00e1rcia Chuva &#8211; <em>Heritage in diaspora: restitution as a means of historical reparation in Brazil<\/em><\/li>\n<li>Maria Inez Gon\u00e7alves Marques &#8211; In <em>what colors do you see the \u201cNegro\u201d?<\/em><\/li>\n<\/ul>\n<\/li>\n<\/ul>\n<p>&nbsp;<\/p>\n<p><strong>12:45-13:45 <\/strong>&#8211; Lunch<\/p>\n<p><strong>13:45-15:15<\/strong> &#8211; Session 6<\/p>\n<h6 style=\"padding-left: 40px;\"><em>AI and the Lusophone World: Navigating Creativity and Identity in the Digital Age \/ <\/em><em>AI and the Lusophone World: Navigating Creativity and Identity in the Digital Age<\/em><\/h6>\n<p style=\"padding-left: 80px;\">Meeting Room 1\u00a0<a href=\"https:\/\/videoconf-colibri.zoom.us\/j\/5948351404\">(https:\/\/videoconf-colibri.zoom.us\/j\/5948351404)<\/a><\/p>\n<p style=\"padding-left: 40px;\">President \/ Chair: Robert Kenedy<\/p>\n<ul>\n<li style=\"list-style-type: none;\">\n<ul>\n<li>Susana Antunes &#8211; <em>Under the weight of Artificial Intelligence: is humanity at the limit of its existence?<\/em> (Online)<\/li>\n<li>Sandra Sousa &#8211; <em>Pandemics of the Page: AI, Human Fragility, and the Literary Reckoning<\/em> (Online)<\/li>\n<li>Robert Simon &#8211; <em>The Talmud&#8217;s Lore, Forevermore: Issues of Plagiarism and Professionalism in Student Use of ChatGPT for Creative Writing Projects<\/em> (Online)<\/li>\n<li>Maria da Concei\u00e7\u00e3o Oliveira Guimar\u00e3es &#8211; <em>\u201cThe brave new world\u201d of Artificial Intelligence: love, \u201cfear and trembling\u201d<\/em> (Online)<\/li>\n<\/ul>\n<\/li>\n<\/ul>\n<h6 style=\"padding-left: 40px;\"><em>Structural Racism and Racialization of the Other \/ <\/em><em>Structural Racism and Racialization of the Other<\/em><\/h6>\n<p style=\"padding-left: 80px;\">Meeting Room 2\u00a0<a href=\"https:\/\/videoconf-colibri.zoom.us\/j\/92191492542\">(https:\/\/videoconf-colibri.zoom.us\/j\/92191492542)<\/a><\/p>\n<p style=\"padding-left: 40px;\">President \/ Chair: Fernando Nunes<\/p>\n<ul>\n<li style=\"list-style-type: none;\">\n<ul>\n<li>Dayse Alfaia &#8211; <em>Colorism as a form of racism: differences in social mobility in the city of S\u00e3o Paulo (20th century)<\/em><\/li>\n<li>Aida Jord\u00e3o &#8211; <em>In\u00eas de Castro in \u201cNegra B\u00e1\u201d: Complicating Race and Class<\/em><\/li>\n<\/ul>\n<\/li>\n<\/ul>\n<p>&nbsp;<\/p>\n<p><strong>15:15-15:30 <\/strong>&#8211; Coffee Break<\/p>\n<p><strong>15:30-17:00<\/strong> &#8211; Session 7<\/p>\n<h6 style=\"padding-left: 40px;\"><em>Writings of the Self: Subjectivities, Affection and Politics in Literature and Arts by Black Authors \/ <\/em><em>Writings of the Self: Subjectivities, Affection and Politics in Literature and Arts by Black Authors<\/em><\/h6>\n<p style=\"padding-left: 80px;\">Meeting Room 1\u00a0<a href=\"https:\/\/videoconf-colibri.zoom.us\/j\/5948351404\">(https:\/\/videoconf-colibri.zoom.us\/j\/5948351404)<\/a><\/p>\n<p style=\"padding-left: 40px;\">President \/ Chair: Francisco Topa<\/p>\n<ul>\n<li style=\"list-style-type: none;\">\n<ul>\n<li>Eneida Leal Cunha &#8211; <em>Memory, image and imagination: aesthetics and politics of black existences<\/em><\/li>\n<li>Beatriz Resende &#8211; <em>Djaimilia Pereira de Almeida and Brazil<\/em><\/li>\n<li>Lurdes Macedo &#8211; <em>1 Million Roses for Angela Davis: art, feminist activism and historical reparation<\/em><\/li>\n<\/ul>\n<\/li>\n<\/ul>\n<p>&nbsp;<\/p>\n<h6 style=\"padding-left: 40px;\"><em>Crime, Resistance, and Colonialism \/ <\/em><em>Crime, Resistance, and Colonialism<\/em><\/h6>\n<p style=\"padding-left: 80px;\">Meeting Room 2\u00a0<a href=\"https:\/\/videoconf-colibri.zoom.us\/j\/92191492542\">(https:\/\/videoconf-colibri.zoom.us\/j\/92191492542)<\/a><\/p>\n<p style=\"padding-left: 40px;\">President \/ Chair: Maria Jo\u00e3o Maciel Jorge<\/p>\n<ul>\n<li style=\"list-style-type: none;\">\n<ul>\n<li>Danielle Duque Baracho &#8211; <em>How many fictions can history be written with? Multidirectional memory in \u201cThe Crime of Cais do Valongo\u201d, by Eliana Alves Cruz <\/em><\/li>\n<li>Cheikh Ahmed Tidiane &#8211; <em>Memory and madness: narratives of resistance and identity in \u201cLes Veilleurs de Sangomar\u201d by Fatou Diome and \u201cThe madwoman of Serrano\u201d by Dina Sal\u00fastio<\/em><\/li>\n<li>George Bragues &#8211; <em>Giacomo Meyerbeer&#8217;s \u201cL&#8217;Africaine\u201d: An Operatic Critique of Portuguese Colonialism<\/em><\/li>\n<\/ul>\n<\/li>\n<\/ul>\n<p><strong>17:00-17:15 <\/strong>&#8211; Coffee Break<\/p>\n<p><strong>17:15-18:45 <\/strong>&#8211; LSA Annual General Meeting (Meeting Room 1)<\/p>\n<p>&nbsp;<\/p>\n<h5><strong>Friday, June 27 \/ Friday June 27<\/strong><\/h5>\n<p>&nbsp;<\/p>\n<p><strong>9:30-11:00<\/strong> &#8211; Session 8<\/p>\n<h6 style=\"padding-left: 40px;\"><em>Luso-North American Experiences: Resettlement, Education, and the Media \/ <\/em><em>Luso-North American Experiences: Resettlement, Education, and the Media<\/em><\/h6>\n<p style=\"padding-left: 80px;\">Meeting Room 1\u00a0<a href=\"https:\/\/videoconf-colibri.zoom.us\/j\/5948351404\">(https:\/\/videoconf-colibri.zoom.us\/j\/5948351404)<\/a><\/p>\n<p style=\"padding-left: 40px;\">President \/ Chair: Francisco Topa<\/p>\n<ul>\n<li style=\"list-style-type: none;\">\n<ul>\n<li>Lu\u00eds Aguiar, Farrah B\u00e9rub\u00e9, &amp; Carlos Teixeira &#8211; <em>A Future Uncertain? <\/em><em>Portuguese Ethnic Media in Montreal<\/em><\/li>\n<li>Fernando Nunes &amp; Kenisha Reid &#8211; <em>&#8220;Navigating Complexities: The Experiences of Lusophone Immigrants in Canada with Portuguese-Canadians<\/em><\/li>\n<li>Robert Kenedy &#8211; <em>On Your Mark Student Educational Tutoring and Mentoring Experiences Through Concentric Intersectional Spaces of Lived Experience<\/em><\/li>\n<li>Ana Beatriz Ribeiro &#8211; <em>Crossroads of Culture: Brazilian Women as Key Entrepreneurs and Community Connectors in Florida<\/em> (Online)<\/li>\n<\/ul>\n<\/li>\n<\/ul>\n<p>&nbsp;<\/p>\n<h6 style=\"padding-left: 40px;\"><em>Colonial representations, sexuality, and constructions \/ <\/em><em>Colonial Representations, Sexuality, and Constructions<\/em><\/h6>\n<p style=\"padding-left: 80px;\">Meeting Room 2\u00a0<a href=\"https:\/\/videoconf-colibri.zoom.us\/j\/92191492542\">(https:\/\/videoconf-colibri.zoom.us\/j\/92191492542)<\/a><\/p>\n<p style=\"padding-left: 40px;\">President \/ Chair: Susannah Ferreira<\/p>\n<ul>\n<li style=\"list-style-type: none;\">\n<ul>\n<li>Ana Aires e Castro &#8211; <em>Colonial reminiscences in the other bodies of the city of Lisbon: an analysis of the novel \u201cO canto da moria\u201d, by Lu\u00edsa Semedo<\/em><\/li>\n<li>Eugenio Lucotti &#8211; <em>The case of \u201cNga Mut\u00fari\u201d in the \u201cconstruction\u201d of the Angolan 19th century<\/em><\/li>\n<li>Karolina V\u00e1lov\u00e1 &#8211; <em>Representation of the city in the book \u201cRumo\u201d by Natanael Santos<\/em><\/li>\n<li>Helder Thiago Maia &#8211; <em>Gender, sexuality and coloniality: an analysis of Brito Camacho&#8217;s travel books<\/em> (Online)<\/li>\n<\/ul>\n<\/li>\n<\/ul>\n<p>&nbsp;<\/p>\n<p><strong>19:00 <\/strong>&#8211; Closing dinner \/ LSA Gala Dinner (Madureira&#8217;s Campo Alegre &#8211; Rua do Campo Alegre 365)<\/p>\n<p>&nbsp;<\/p>\n","protected":false},"featured_media":21386,"template":"","ano-evento":[468],"tipo-eventos":[299,295],"cmcal_calendar":[],"class_list":["post-21388","eventos","type-eventos","status-publish","has-post-thumbnail","hentry","ano-evento-2025-en","tipo-eventos-encontro","tipo-eventos-meeting"],"_links":{"self":[{"href":"https:\/\/citcem.org\/en\/wp-json\/wp\/v2\/eventos\/21388","targetHints":{"allow":["GET"]}}],"collection":[{"href":"https:\/\/citcem.org\/en\/wp-json\/wp\/v2\/eventos"}],"about":[{"href":"https:\/\/citcem.org\/en\/wp-json\/wp\/v2\/types\/eventos"}],"version-history":[{"count":0,"href":"https:\/\/citcem.org\/en\/wp-json\/wp\/v2\/eventos\/21388\/revisions"}],"wp:featuredmedia":[{"embeddable":true,"href":"https:\/\/citcem.org\/en\/wp-json\/wp\/v2\/media\/21386"}],"wp:attachment":[{"href":"https:\/\/citcem.org\/en\/wp-json\/wp\/v2\/media?parent=21388"}],"wp:term":[{"taxonomy":"ano-evento","embeddable":true,"href":"https:\/\/citcem.org\/en\/wp-json\/wp\/v2\/ano-evento?post=21388"},{"taxonomy":"tipo-eventos","embeddable":true,"href":"https:\/\/citcem.org\/en\/wp-json\/wp\/v2\/tipo-eventos?post=21388"},{"taxonomy":"cmcal_calendar","embeddable":true,"href":"https:\/\/citcem.org\/en\/wp-json\/wp\/v2\/cmcal_calendar?post=21388"}],"curies":[{"name":"wp","href":"https:\/\/api.w.org\/{rel}","templated":true}]}}