{"id":20326,"date":"2025-03-25T10:01:30","date_gmt":"2025-03-25T10:01:30","guid":{"rendered":"https:\/\/citcem.org\/eventos\/oic-sessao-15-2025\/"},"modified":"2025-03-25T14:48:49","modified_gmt":"2025-03-25T14:48:49","slug":"oic-sessao-15-2025","status":"publish","type":"eventos","link":"https:\/\/citcem.org\/en\/events\/oic-sessao-15-2025\/","title":{"rendered":"OIC SESS\u00c3O 15 [27\/03\/2025] &#8211; \u00abFora do mundo no corac\u0327a\u0303o do mundo: quatro estudos sobre Monaquismo e Sociedade na Idade Me\u0301dia (se\u0301culos X-XV)\u00bb"},"content":{"rendered":"<p>Proponentes da sess\u00e3o:<\/p>\n<p>Francesco Renzi, CITCEM e UCP<\/p>\n<p>Antonio Mursia (U. La Sapienza Roma)<\/p>\n<p>&nbsp;<\/p>\n<p><em>\u201cSobre carniceros funestos y manchas hermosas\u201d: beleza e feiu\u0301ra na Vita quinque fratrum de Bruno de Querfurt<\/em>\u00a0| Andrea Vanina Neyr<\/p>\n<p><em>Os mosteiros e o seu papel na articula\u00e7\u00e3o eclesi\u00e1stica na Pen\u00ednsula Ibrica na Alta Idade Me\u0301\u00e9dia\u00a0<\/em>| Mariel P\u00e9rez<\/p>\n<p><em>\u00bfEigenkirchen e Eigenklostern na Sic\u00edlia normanda? Novos dados a partir dos documentos de Adelicia Avenel Maccabeo <\/em>| Ant\u00f3nio Mursia<\/p>\n<p><em>Do cartul\u00e1rio \u00e0 cr\u00f3nica e da cr\u00f3nica ao cartul\u00e1rio: reescrita e mem\u00f3ria no mosteiro de Sahag\u00fan no s\u00e9culo XII\u00a0<\/em>| Joana Gomes<\/p>\n<p>Moderadores da sess\u00e3o:<\/p>\n<p>Lu\u00eds Carlos Amaral, CITCEM\/FLUP<\/p>\n<p>Enrico Veneziani, U. La Sapienza Roma<\/p>\n<p>Jo\u00e3o Luis Fontes, U.NOVA FCSH<\/p>\n<p>&nbsp;<\/p>\n<p><a href=\"https:\/\/4aa79ec0-a8a7-413f-9423-c7cb30cbabd9.filesusr.com\/ugd\/ce1c20_8ea19ac52e8b4bd3ab1abc3bd23ff283.pdf\">PROGRAMA<\/a><\/p>\n","protected":false},"featured_media":20322,"template":"","ano-evento":[468],"tipo-eventos":[449],"cmcal_calendar":[],"class_list":["post-20326","eventos","type-eventos","status-publish","has-post-thumbnail","hentry","ano-evento-2025-en","tipo-eventos-oic-en"],"_links":{"self":[{"href":"https:\/\/citcem.org\/en\/wp-json\/wp\/v2\/eventos\/20326","targetHints":{"allow":["GET"]}}],"collection":[{"href":"https:\/\/citcem.org\/en\/wp-json\/wp\/v2\/eventos"}],"about":[{"href":"https:\/\/citcem.org\/en\/wp-json\/wp\/v2\/types\/eventos"}],"version-history":[{"count":0,"href":"https:\/\/citcem.org\/en\/wp-json\/wp\/v2\/eventos\/20326\/revisions"}],"wp:featuredmedia":[{"embeddable":true,"href":"https:\/\/citcem.org\/en\/wp-json\/wp\/v2\/media\/20322"}],"wp:attachment":[{"href":"https:\/\/citcem.org\/en\/wp-json\/wp\/v2\/media?parent=20326"}],"wp:term":[{"taxonomy":"ano-evento","embeddable":true,"href":"https:\/\/citcem.org\/en\/wp-json\/wp\/v2\/ano-evento?post=20326"},{"taxonomy":"tipo-eventos","embeddable":true,"href":"https:\/\/citcem.org\/en\/wp-json\/wp\/v2\/tipo-eventos?post=20326"},{"taxonomy":"cmcal_calendar","embeddable":true,"href":"https:\/\/citcem.org\/en\/wp-json\/wp\/v2\/cmcal_calendar?post=20326"}],"curies":[{"name":"wp","href":"https:\/\/api.w.org\/{rel}","templated":true}]}}