{"id":20325,"date":"2025-03-18T10:01:33","date_gmt":"2025-03-18T10:01:33","guid":{"rendered":"https:\/\/citcem.org\/eventos\/oic-sessao-14-2025\/"},"modified":"2025-03-18T15:02:32","modified_gmt":"2025-03-18T15:02:32","slug":"oic-sessao-14-2025","status":"publish","type":"eventos","link":"https:\/\/citcem.org\/en\/events\/oic-sessao-14-2025\/","title":{"rendered":"OIC SESS\u00c3O 14 [20\/03\/2025] &#8211; \u00abArqueologia p\u00fablica: pr\u00e1ticas e desafios\u00bb"},"content":{"rendered":"<p>Proponentes da sess\u00e3o:<\/p>\n<p><strong>Ana Vale\u00a0<\/strong>(FLUP), Grupo de Investiga\u00e7\u00e3o CITCEM: Territ\u00f3rios, Paisagens e Ambiente<\/p>\n<p>&nbsp;<\/p>\n<p><em>Da Arqueologia \u00e0 Comunidade: a experi\u00eancia de S. Juli\u00e3o da Branca (Albergaria-a-Velha)<\/em>\u00a0| Ant\u00f3nio Silva, Sara Almeida e Silva, Paulo A.P. Lemos, Hugo Aluai Sampaio<\/p>\n<p><em>Do Territ\u00f3rio para a Comunidade: A Socializa\u00e7\u00e3o do Patrim\u00f3nio Arqueol\u00f3gico em Freixo de Num\u00e3o\u00a0<\/em>| Sandra Naldinho<\/p>\n<p><em>A arte rupestre da Serra de Passos\/Sta. Comba &#8211; Garraia: reflex\u00f5es sobre as consequ\u00eancias da &#8220;invisibilidade&#8221;, os riscos da &#8220;visibilidade&#8221; e o impacto do envolvimento das comunidades locais\u00a0<\/em>\u00a0| Joana Teixeira<\/p>\n<p><em>Comunicar a arqueologia da cidade: quatro dcadas de um servi\u00e7o municipal no Porto <\/em><em>\u00a0<\/em>| Laura Sousa<\/p>\n<p>Moderadores da sess\u00e3o:<\/p>\n<p>Maria de Jesus Sanches, CITCEM\/FLUP<br \/>\nLino Dias, ISPGAYA, CITCEM<\/p>\n<p>&nbsp;<\/p>\n<p><a href=\"https:\/\/4aa79ec0-a8a7-413f-9423-c7cb30cbabd9.filesusr.com\/ugd\/ce1c20_2f428b6e68fd451cb3e632ed86a9b5ef.pdf\">PROGRAMA<\/a><\/p>\n","protected":false},"featured_media":20320,"template":"","ano-evento":[],"tipo-eventos":[],"cmcal_calendar":[],"class_list":["post-20325","eventos","type-eventos","status-publish","has-post-thumbnail","hentry"],"_links":{"self":[{"href":"https:\/\/citcem.org\/en\/wp-json\/wp\/v2\/eventos\/20325","targetHints":{"allow":["GET"]}}],"collection":[{"href":"https:\/\/citcem.org\/en\/wp-json\/wp\/v2\/eventos"}],"about":[{"href":"https:\/\/citcem.org\/en\/wp-json\/wp\/v2\/types\/eventos"}],"version-history":[{"count":0,"href":"https:\/\/citcem.org\/en\/wp-json\/wp\/v2\/eventos\/20325\/revisions"}],"wp:featuredmedia":[{"embeddable":true,"href":"https:\/\/citcem.org\/en\/wp-json\/wp\/v2\/media\/20320"}],"wp:attachment":[{"href":"https:\/\/citcem.org\/en\/wp-json\/wp\/v2\/media?parent=20325"}],"wp:term":[{"taxonomy":"ano-evento","embeddable":true,"href":"https:\/\/citcem.org\/en\/wp-json\/wp\/v2\/ano-evento?post=20325"},{"taxonomy":"tipo-eventos","embeddable":true,"href":"https:\/\/citcem.org\/en\/wp-json\/wp\/v2\/tipo-eventos?post=20325"},{"taxonomy":"cmcal_calendar","embeddable":true,"href":"https:\/\/citcem.org\/en\/wp-json\/wp\/v2\/cmcal_calendar?post=20325"}],"curies":[{"name":"wp","href":"https:\/\/api.w.org\/{rel}","templated":true}]}}