{"id":19840,"date":"2025-03-25T09:18:23","date_gmt":"2025-03-25T09:18:23","guid":{"rendered":"https:\/\/citcem.org\/eventos\/iii-seminario-de-historia-da-comunicacao-call-for-papers\/"},"modified":"2025-03-27T16:10:16","modified_gmt":"2025-03-27T16:10:16","slug":"iii-seminario-de-historia-da-comunicacao","status":"publish","type":"eventos","link":"https:\/\/citcem.org\/en\/events\/iii-seminario-de-historia-da-comunicacao\/","title":{"rendered":"III Seminar on the History of Communication"},"content":{"rendered":"<p><strong>III Seminar on the History of Communication<\/strong><\/p>\n<p><strong>History of the Communication Professions: Frontiers and Relationships<\/strong><\/p>\n<p>March 28, 2025, Porto<\/p>\n<p>Faculdade de Letras da Universidade do Porto<\/p>\n<p>&nbsp;<\/p>\n<p><strong>Program<\/strong><\/p>\n<p>&nbsp;<\/p>\n<p><strong>9:30<\/strong> <strong>a<\/strong> <strong>.m.<\/strong> <strong>|<\/strong> <strong>Opening <\/strong> <strong>Session<\/strong> Noble Amphitheater<\/p>\n<p>Paula Pinto Costa, director of FLUP In\u00eas Amorim, coordinator of CITCEM<\/p>\n<p>Suzana Cavaco, coordinator of SOPCOM&#8217;s History of Communication WG<\/p>\n<p>&nbsp;<\/p>\n<p><strong>10h00<\/strong> <strong>|<\/strong> <strong>Plenary <\/strong> <strong>Session<\/strong> Noble Amphitheater<\/p>\n<p>Moderator: Pedro Marques Gomes (ESCS; LIACOM)<\/p>\n<p style=\"padding-left: 40px;\"><em>Journalism<\/em> <em>as a<\/em> <em>profession<\/em> <em>in the<\/em> <em>current<\/em> <em>political-media<\/em> <em>context<\/em> &#8211; Augusto Santos Silva (FEP-UP)<\/p>\n<p>&nbsp;<\/p>\n<p><strong>11h00<\/strong> <strong>|<\/strong> <strong>Coffee<\/strong> <strong>break<\/strong><\/p>\n<p><strong> <\/strong><\/p>\n<p><strong>Sessions<\/strong> <strong>Parallel Sessions<\/strong><\/p>\n<p><strong>11:15 a.m.<\/strong> <strong>|<\/strong> <strong>Parallel<\/strong> <strong>Session<\/strong> <strong>1<\/strong> <strong>|<\/strong> <strong>Media,<\/strong> <strong>Dictatorship<\/strong> <strong>and<\/strong> <strong>Revolution <\/strong>Noble Amphitheater<\/p>\n<p>Moderator: Vasco Ribeiro (FLUP; CITCEM)<\/p>\n<p style=\"padding-left: 40px;\"><em>The<\/em> <em>Portuguese<\/em> <em>Dictatorship<\/em> <em>and<\/em> <em>Journalism:<\/em> <em>Censorship,<\/em> <em>(Supposed)<\/em> <em>Exemptions<\/em> <em>and<\/em> <em>the<\/em> <em>Struggle<\/em> <em>for<\/em> <em>Truth<\/em> &#8211; Manuel Carvalho Coutinho (FCH-UCP; CECC)<\/p>\n<p style=\"padding-left: 40px;\"><em>O<\/em> <em>journalist,<\/em> <em>o<\/em> <em>writer<\/em> <em>e<\/em> <em>o<\/em> <em>censor:<\/em> <em>One<\/em> <em>history<\/em> <em>with<\/em> <em>miners<\/em> <em>in<\/em> <em>route<\/em> <em>of<\/em> <em>Antonio<\/em> <em>Paulouro<\/em>  &#8211; Jos\u00e9 Ricardo Carvalheiro (LabCom-UBI)<\/p>\n<p style=\"padding-left: 40px;\"><em>Party<\/em> <em>press<\/em> <em>and<\/em> <em>opposition<\/em> <em>to the<\/em> <em>Estado<\/em> <em>Novo:<\/em> <em>an<\/em> <em>analysis<\/em> <em>of<\/em> <em>Portugal<\/em> <em>Socialista<\/em> &#8211; Pedro Marques Gomes (ESCS-IPL; LIACOM)<\/p>\n<p style=\"padding-left: 40px;\"><em>Feminist<\/em> <em>magazines<\/em> <em>and<\/em> <em>their<\/em> <em>impact<\/em> <em>on<\/em> <em>Iberian<\/em> <em>transitions<\/em> <em>to<\/em> <em>democracy<\/em> &#8211; Beatriz Fern\u00e1ndez de Castro (University of C\u00e1diz)<\/p>\n<p style=\"padding-left: 40px;\"><em>O<\/em> <em>Pasquim<\/em> <em>e<\/em> <em>Cage<\/em> <em>Open:<\/em> <em>A<\/em> <em>history<\/em> <em>illustrated<\/em> <em>of<\/em> <em>democratization<\/em> <em>of<\/em> <em>Brazil<\/em> <em>e<\/em> <em>Portugal<\/em> <em>in<\/em> <em>media<\/em> <em>alternative<\/em>  &#8211; Vin\u00edcius Zuanazzi (CECS; UM)<\/p>\n<p>&nbsp;<\/p>\n<p><strong>11:15 a.m.<\/strong> <strong>|<\/strong> <strong>Parallel<\/strong> <strong>Session<\/strong> <strong>2<\/strong> <strong>|<\/strong> <strong>History of<\/strong> <strong>the<\/strong> <strong>Press<\/strong> <strong>and<\/strong> <strong>Journalism <\/strong>Meeting Room 1<\/p>\n<p>Moderator: Ana Isabel Reis (FLUP; CITCEM)<\/p>\n<p style=\"padding-left: 40px;\"><em>Revista<\/em> <em>Militar: The<\/em> <em>World&#8217;s<\/em> <em>Oldest<\/em> <em>Military<\/em> <em>Press<\/em> <em>Organ<\/em> <em>with<\/em> <em>Uninterrupted<\/em> <em>Publication<\/em> &#8211; Ant\u00f3nio Pena (CICANT)<\/p>\n<p style=\"padding-left: 40px;\"><em>Remembering<\/em> <em>the<\/em> <em>precursor<\/em> <em>forerunners<\/em> <em>of<\/em> <em>Augustus<\/em> <em>Xavier<\/em> <em>da<\/em> <em>Silva<\/em> <em>Pereira<\/em> <em>[1838-1902]<\/em> <em>in the<\/em> <em>construction<\/em> <em>of<\/em> <em>a <\/em><em>History of Portuguese Journalism <\/em>&#8211; Eurico Gomes Dias (ISCPSI; ICPOL)<\/p>\n<p style=\"padding-left: 40px;\"><em>Two<\/em> <em>Homelands:<\/em> <em>Luso-Brazilian<\/em> <em>Documentary<\/em> <em>Magazine<\/em> <em>[1954-1958]<\/em>: <em>a<\/em> <em>panegyric<\/em> <em>to the<\/em> <em>established<\/em> <em>order<\/em> &#8211; Jorge Pedro Sousa (UFP; ICNOVA) and Monica Martinez (University of Sorocaba)<\/p>\n<p style=\"padding-left: 40px;\"><em>O<\/em> <em>Diary<\/em> <em>of<\/em> <em>News<\/em> <em>of<\/em> <em>New<\/em> <em>Bedford<\/em> <em>(1927-1973)<\/em> <em>e<\/em> <em>a<\/em> <em>community<\/em> <em>Portuguese-American<\/em> <em>in<\/em> <em>coast<\/em> <em>east<\/em> <em>of<\/em> <em>USA<\/em>  &#8211; Jo\u00e3o Rodrigues (CITCEM)<\/p>\n<p>&nbsp;<\/p>\n<p><strong>11:15 a.m. | Parallel Session 3 | Television, Digital Games and Mobile Devices <\/strong>Meeting Room 2<\/p>\n<p>Moderator: Cristina Ferreira (FBAUP)<\/p>\n<p style=\"padding-left: 40px;\"><em>The death of Silvio Santos and the end of an era in Brazilian TV <\/em>&#8211; Adriana Pierre Coca (UFRGS)<\/p>\n<p style=\"padding-left: 40px;\"><em>Digital Games: From Entertainment Media to Therapeutic Tools A Historical Media Perspective <\/em>&#8211; Gabriel Cirino (PPGCI\/ECA-USP) &amp; Vict\u00f3ria Pereira (PPGH\/EFLCH-UNIFESP)<\/p>\n<p style=\"padding-left: 40px;\"><em>Media<\/em> <em>Discourses<\/em> <em>on<\/em> <em>Games<\/em> <em>and<\/em> <em>Mental<\/em> <em>Health:<\/em> <em>Between<\/em> <em>Stigma<\/em> <em>and<\/em> <em>Acceptance<\/em> &#8211; Gabriel Cirino (PPGCI\/ECA-USP) &amp; Vict\u00f3ria Pereira (PPGH\/EFLCH-UNIFESP)<\/p>\n<p style=\"padding-left: 40px;\"><em>History of cinema on mobile devices &#8211; A Cinema Tout Court <\/em>&#8211; Lilian Monteiro Fran\u00e7a (UFS)<\/p>\n<p>&nbsp;<\/p>\n<p><strong>11:30 a.m. | Parallel Session 4 | Specialty Journalism <\/strong>Room 201<\/p>\n<p>Moderator: Pedro Almeida Leit\u00e3o (CITCEM)<\/p>\n<p style=\"padding-left: 40px;\"><em>Fern\u00e3o de Magalh\u00e3es and children&#8217;s journalism: an &#8220;instagrammable <\/em>&#8221; <em>ephemeris <\/em>&#8211; Pedro Eduardo Ribeiro (UM; CECS) &amp; Ana C\u00e1tia Ferreira (UFP; ICNOVA)<\/p>\n<p style=\"padding-left: 40px;\">The Vida Cient\u00edfica \/Ci\u00eancia section of the Di\u00e1rio de Lisboa (1965-1969). The first regular section on science in a daily newspaper in Portugal &#8211; Beatriz Ruivo (UA)<\/p>\n<p style=\"padding-left: 40px;\"><em>Portuguese parliamentary journalism: discourses and reflections on a journalistic specialty <\/em>&#8211; Jaime Louren\u00e7o (UAL; ICNOVA)<\/p>\n<p style=\"padding-left: 40px;\"><em>The political-media conflict: The impact of the 1993 journalistic boycott on the coverage of the Portuguese Parliament <\/em>&#8211; Filipe Resende (CECC-UCP) &amp; Raquel Laurentino (CECC-UCP)<\/p>\n<p style=\"padding-left: 40px;\"><em>A journalistic life as an extension of Porto&#8217;s memory <\/em>&#8211; Ana C\u00e1tia Ferreira (UFP; ICNOVA); Patr\u00edcia Teixeira (UFP; ICNOVA); R\u00faben Sousa Ferreira (UFP)<\/p>\n<p>&nbsp;<\/p>\n<p>&nbsp;<\/p>\n<p><strong>11:15 a.m. | Parallel Session 5 | History of Communication <\/strong>Room 203<\/p>\n<p>Moderator: Suzana Cavaco (FEP; CITCEM)<\/p>\n<p style=\"padding-left: 40px;\"><em>Salazar&#8217;s death: in S\u00e9culo Ilustrado and Flama <\/em>&#8211; In\u00eas Ferreira Fernandes (CECC-UCP)<\/p>\n<p style=\"padding-left: 40px;\"><em>&#8220;25 de Abril must reach the countryside&#8221;: the political framing of the rural classes through the press during PREC <\/em>&#8211; Leonardo Aboim Pires (ICS-UL; ISEG-UL)<\/p>\n<p style=\"padding-left: 40px;\"><em>Technologies, permanence and mutations in war journalism: From correspondence to digital <\/em>&#8211; Gisela Cardoso Teixeira (University of Aix-Marseille; IMSIC)<\/p>\n<p style=\"padding-left: 40px;\"><em>The investigative journalist in search of a new collaborative ethos <\/em>&#8211; V\u00e2nia Maia (CICANT, UL- CUL)<\/p>\n<p style=\"padding-left: 40px;\">The representation of the transition of the role of women in the cinematographic work of Thea von Harbou: from the democracy of the Weimar Republic to the National Socialism of the Third Reich &#8211; Mariana Moraes (ISCTE-IUL)<\/p>\n<p>&nbsp;<\/p>\n<p><strong>13h00 | Lunch<\/strong><\/p>\n<p><strong> <\/strong><\/p>\n<p><strong>14:30 | Plenary Session | Journalism: Borders with Literature and Documentary <\/strong>Amphitheater<\/p>\n<p>Moderator: F\u00e1tima Lopes Cardoso (ESCS; LIACOM) Ana Isabel Reis (FLUP; CITCEM)<\/p>\n<p>Jacinto Godinho (RTP; CICANT\/Lus\u00f3fona)<\/p>\n<p>Paulo Moura (ESCS)<\/p>\n<p>&nbsp;<\/p>\n<p><strong>15h45 | Round Table | Research in History of Communication: sources, methodologies and objects of study <\/strong>Noble Amphitheater<\/p>\n<p>Moderator: Elsa Costa e Silva (Minho; CECS)<\/p>\n<p>MemNews Project: Oral history and memory(s) of news consumption and reception practices and habits and the news experience in Portugal- Jorge Pedro Sousa (UFP; ICNOVA)<\/p>\n<p><em>Oral Memory Archive of the Communication Professions: practices and challenges <\/em>&#8211; Jorge Souto (LIACOM; ESCS) &amp; Filipa Subtil (LIACOM; ESCS; ICNOVA)<\/p>\n<p>&nbsp;<\/p>\n<p><strong>16h35 |<\/strong> <strong>Coffee break<\/strong><\/p>\n<p><strong> <\/strong><\/p>\n<p><strong>Parallel Sessions<\/strong><\/p>\n<p><strong>15h45 | Parallel Session 6 | History, Media and Fiction <\/strong>Meeting Room 2<\/p>\n<p>Moderator: Cristina Ferreira (FBAUP)<\/p>\n<p style=\"padding-left: 40px;\"><em>The series &#8220;The Mechanism&#8221; between the real and the fictional <\/em>&#8211; Cathia Pereira de Oliveira (EEEMG)<\/p>\n<p style=\"padding-left: 40px;\"><em>The place of theater criticism in contemporary times <\/em>&#8211; T\u00e2nia Teixeira Pinto (USP)<\/p>\n<p style=\"padding-left: 40px;\">The (lack of) female representation in documentaries about drug addiction in Brazil &#8211; J\u00e9ssica Rodrigues (UFC)<\/p>\n<p>&nbsp;<\/p>\n<p><strong>16h50 | Parallel Session 7 | Media Discourses <\/strong>Noble Amphitheater<\/p>\n<p>Moderator: Hern\u00e2ni Z\u00e3o Oliveira (U\u00c9vora; CITCEM)<\/p>\n<p style=\"padding-left: 40px;\"><em>Pandemics: Influenza -1918 and Covid-2019 &#8211; discursive coincidences and disinformation in Brazilian and Spanish newspapers &#8211; <\/em>Ana Regina Rego (UFPI) &amp; Concha Langa (University of Seville)<\/p>\n<p style=\"padding-left: 40px;\"><em>The<\/em> <em>(In)Visible<\/em> <em>Faces<\/em> <em>of<\/em> <em>Vaccine<\/em> <em>Networks:<\/em> <em>Pro-<\/em> <em>and<\/em> <em>Anti-Vaccine<\/em> <em>Movements<\/em> <em>and<\/em> <em>the<\/em> <em>Media<\/em> &#8211; Hern\u00e2ni Z\u00e3o Oliveira (U\u00c9vora; CITCEM) &amp; Helena Lima (CITCEM; FLUP)<\/p>\n<p style=\"padding-left: 40px;\"><em>Constructing Fatima: Memory and Catholic Discourse in the newspapers O Mensageiro and A Voz da F\u00e1tima (1917-1930) <\/em>&#8211; Jos\u00e9 Maria Barbosa (FLUP)<\/p>\n<p style=\"padding-left: 40px;\">The Transformations of Women&#8217;s Roles in the 20th Century: Media Discourses and Social Experiences &#8211; Isabel Feix (UCP)<\/p>\n<p>&nbsp;<\/p>\n<p><strong>16h50 | Parallel Session 8 | History, Advertising and the Journalistic Field <\/strong>Meeting Room 1<\/p>\n<p>Moderator: Jorge Pedro Sousa (UFP; ICNOVA)<\/p>\n<p style=\"padding-left: 40px;\"><em>From ad broker to agency publicist (1864-1914) <\/em>&#8211; Eduardo Cintra Torres (FCH-UCP)<\/p>\n<p style=\"padding-left: 40px;\"><em>Journey and setbacks from mass communication to digital communication in consumer society <\/em>&#8211; Karina Cabral Prati de Castro (UL)<\/p>\n<p style=\"padding-left: 40px;\"><em>The formation of the Portuguese journalistic field in the 20th century <\/em>&#8211; Marta Santos Silva (LabCom; UBI)<\/p>\n<p style=\"padding-left: 40px;\"><em>Internal and external history of journalism and professional autonomy in a techno-liberal context <\/em>&#8211; Diogo Silva da Cunha (CoLABOR; ISCTE-IUL) &amp; Jos\u00e9 Lu\u00eds Garcia (ICS-UL)<\/p>\n<p style=\"padding-left: 40px;\"><em>Who defines the content of a newspaper? &#8211; The Republic Case  <\/em>&#8211; Suzana Cavaco (FEP; CITECM)<\/p>\n<p>&nbsp;<\/p>\n<p><strong>16h50 | Parallel Session 9 | History and media representations <\/strong>Meeting Room 2<\/p>\n<p>Moderator: Cristina Ferreira (FBAUP)<\/p>\n<p style=\"padding-left: 40px;\"><em>When the peripheral decentralizes the narrative. Towards a Critical History of Social Communication  <\/em>&#8211; Maria Eugenia Guti\u00e9rrez-Jim\u00e9nez (University of Seville)<\/p>\n<p style=\"padding-left: 40px;\"><em>Cautious days for an information profession. Revisiones en torno la depuraci\u00f3n fotogr\u00e1fica del franquismo en Asturias  <\/em>&#8211; Noemi D\u00edaz Rodr\u00edguez (Universidad de Oviedo)<\/p>\n<p style=\"padding-left: 40px;\"><em>Media imaginaries: the representations of the reporter in Jacques Flash&#8217;s stories <\/em>&#8211; V\u00edctor Rodr\u00edguez Infiesta (Universidad de Oviedo)<\/p>\n<p style=\"padding-left: 40px;\"><em>A gender analysis of a Catalan cultural tribune: The historical stage of Revista de Catalunya (1924-1967) <\/em>&#8211; J\u00falia Cuadrat Royo (Universitat Rovira i Virgili; ISOCAC)<\/p>\n<p style=\"padding-left: 40px;\"><em>Selecta magazine and the visuality of Rio in the 1920s <\/em>&#8211; Beatriz Costa da Silva (IBMR University Center)<\/p>\n<p>&nbsp;<\/p>\n<p><strong>16h50 | Parallel Session 10 | Media and Representations <\/strong>Room 201<\/p>\n<p>Moderator: Ana Isabel Reis (FLUP; CITCEM)<\/p>\n<p style=\"padding-left: 40px;\"><em>History of American Christian broadcasting (1921-1945) <\/em>&#8211; Jos\u00e9 Colombri (UAlg)<\/p>\n<p style=\"padding-left: 40px;\"><em>CNN&#8217;s satellite channels and their differences: CNN Portugal vs CNN Prima News <\/em>&#8211; \u00c9lvio Carvalho (UBI)<\/p>\n<p style=\"padding-left: 40px;\"><em>Genre trends of telenovela writers in the Portuguese-Brazilian market <\/em>&#8211; Haphisa Souza Mugnaini (UBI) &amp; In\u00eas Salvador (UBI; LabCom)<\/p>\n<p style=\"padding-left: 40px;\">The construction of hegemonic masculinity in the media: influences between the field of communication and the structuring of far-right discourses &#8211; Rafael Rodrigues Pereira (CUBASP)<\/p>\n<p style=\"padding-left: 40px;\"><em>The history of black media in Brazil: from invisibility to the struggle for representation<\/em>&#8211; Adriano Batista Rodrigues (PPGCOM-ESPM)<\/p>\n<p style=\"padding-left: 40px;\"><em>Serious<\/em> <em>Games<\/em> <em>in<\/em> <em>the<\/em> <em>Market:<\/em> <em>Innovation,<\/em> <em>Ethics,<\/em> <em>and<\/em> <em>Neurodiversity:<\/em> <em>A<\/em> <em>Historical<\/em> <em>and<\/em> <em>Corporate <\/em><em>Approach <\/em>&#8211; Gabriel Cirino (PPGCI\/ECA-USP) &amp; Vict\u00f3ria Pereira (PPGH\/EFLCH-UNIFESP)<\/p>\n<p><strong>18h30 | Closing Session <\/strong>Noble Amphitheater<\/p>\n<p>Award of the <strong> <em>Young Researcher Prize in History of Communication <\/em><\/strong>&#8211; <em>best paper presented at the III Seminar on History of Communication<\/em><\/p>\n<p>&nbsp;<\/p>\n<p><a href=\"https:\/\/iiiseminariodehistoriadacomunicacao.wordpress.com\/\">https:\/\/iiiseminariodehistoriadacomunicacao.wordpress.com\/<\/a><\/p>\n<p>&nbsp;<\/p>\n","protected":false},"featured_media":19838,"template":"","ano-evento":[468],"tipo-eventos":[276],"cmcal_calendar":[],"class_list":["post-19840","eventos","type-eventos","status-publish","has-post-thumbnail","hentry","ano-evento-2025-en","tipo-eventos-seminar"],"_links":{"self":[{"href":"https:\/\/citcem.org\/en\/wp-json\/wp\/v2\/eventos\/19840","targetHints":{"allow":["GET"]}}],"collection":[{"href":"https:\/\/citcem.org\/en\/wp-json\/wp\/v2\/eventos"}],"about":[{"href":"https:\/\/citcem.org\/en\/wp-json\/wp\/v2\/types\/eventos"}],"version-history":[{"count":0,"href":"https:\/\/citcem.org\/en\/wp-json\/wp\/v2\/eventos\/19840\/revisions"}],"wp:featuredmedia":[{"embeddable":true,"href":"https:\/\/citcem.org\/en\/wp-json\/wp\/v2\/media\/19838"}],"wp:attachment":[{"href":"https:\/\/citcem.org\/en\/wp-json\/wp\/v2\/media?parent=19840"}],"wp:term":[{"taxonomy":"ano-evento","embeddable":true,"href":"https:\/\/citcem.org\/en\/wp-json\/wp\/v2\/ano-evento?post=19840"},{"taxonomy":"tipo-eventos","embeddable":true,"href":"https:\/\/citcem.org\/en\/wp-json\/wp\/v2\/tipo-eventos?post=19840"},{"taxonomy":"cmcal_calendar","embeddable":true,"href":"https:\/\/citcem.org\/en\/wp-json\/wp\/v2\/cmcal_calendar?post=19840"}],"curies":[{"name":"wp","href":"https:\/\/api.w.org\/{rel}","templated":true}]}}